{"id":813,"date":"2019-05-11T14:35:33","date_gmt":"2019-05-11T14:35:33","guid":{"rendered":"http:\/\/mebelacevski.com\/web\/za-nas\/"},"modified":"2025-05-30T09:37:28","modified_gmt":"2025-05-30T09:37:28","slug":"per-ne","status":"publish","type":"page","link":"https:\/\/mebelacevski.com\/web\/sq\/per-ne\/","title":{"rendered":"P\u00ebr ne"},"content":{"rendered":"<h1 style=\"margin: 0px;\"><img decoding=\"async\" loading=\"lazy\" class=\"alignleft wp-image-450 size-full\" style=\"max-width: 400px;\" src=\"https:\/\/mebelacevski.com\/web\/wp-content\/uploads\/2020\/10\/Za-nas.jpg\" alt=\"\" width=\"640\" height=\"480\" \/><\/h1>\n<h4><strong>KOMPANI P\u00cbR PRODHIMIN, TREG\u00cbTI DHE SHERBIME MEBEL ACEVSKI ACO KSHK SHKUP<\/strong><\/h4>\n<h5>&#8220;Mebel Acevski&#8221; (Mobilje Acevski) \u00ebsht\u00eb nj\u00eb firm\u00eb maqedonase, me vizion p\u00ebr t\u00eb avancuar cil\u00ebsin\u00eb e hap\u00ebsirave t\u00eb jetes\u00ebs, zyr\u00ebve dhe lokaleve publike. \u00c7do produkt \u00ebsht\u00eb rezultat i nj\u00eb procesi t\u00eb gjat\u00eb t\u00eb dizajnimit, me q\u00ebllim pr\u00eb t\u00eb zgjidhur materialet m\u00eb t\u00eb mira dhe m\u00ebnyrave p\u00ebr prodhim, q\u00eb konsumator\u00ebt t\u00eb marrin nj\u00eb produkt p\u00ebrfundimtar t\u00eb cil\u00ebsis\u00eb s\u00eb lart\u00eb sipas standardeve bot\u00ebrore. Kompania &#8220;Mebel Acevski&#8221; ka filluar prodhimin m\u00eb 1 n\u00ebntor 1997. P\u00ebr m\u00eb shum\u00eb se 20 vjet, ajo ka prodhuar me sukses nj\u00eb gam\u00eb t\u00eb gjer\u00eb t\u00eb mobiljeve dhe dyerve, duke krijuar interiere funksionale dhe frym\u00ebzuese. Klienti \u00ebsht\u00eb i p\u00ebrfshir\u00eb n\u00eb \u00e7do pjes\u00eb t\u00eb procesit t\u00eb projektimit, zbatimit dhe montimit, n\u00eb bashk\u00ebpunim me ekipin ton\u00eb profesional t\u00eb punonj\u00ebsve. Ne jemi t\u00eb vendosur n\u00eb dy lokacione n\u00eb Shkup, por produktet tona jan\u00eb t\u00eb p\u00ebrhapura anemban\u00eb evrop\u00ebs. Fabrikat jan\u00eb t\u00eb pajisura teknikisht me makinat m\u00eb moderne t\u00eb prodhimit, t\u00eb menaxhuara nga marangoz\u00eb me p\u00ebrvoj\u00eb. Ne kemi nj\u00eb makin\u00eb pes\u00eb-akse dhe tre-akse CNC, qep\u00ebse, kantere (me opsion PUR), presa t\u00eb nxehta dhe t\u00eb ftohta, makina BLUM, dy oda t\u00eb ngjyrosjes dhe nj\u00eb thar\u00ebse p\u00ebr dru masiv.<\/h5>\n","protected":false},"excerpt":{"rendered":"<p>KOMPANI P\u00cbR PRODHIMIN, TREG\u00cbTI DHE SHERBIME MEBEL ACEVSKI ACO KSHK SHKUP &#8220;Mebel Acevski&#8221; (Mobilje Acevski) \u00ebsht\u00eb nj\u00eb firm\u00eb maqedonase, me vizion p\u00ebr t\u00eb avancuar cil\u00ebsin\u00eb e hap\u00ebsirave t\u00eb jetes\u00ebs, zyr\u00ebve dhe lokaleve publike. \u00c7do produkt \u00ebsht\u00eb rezultat i nj\u00eb procesi t\u00eb gjat\u00eb t\u00eb dizajnimit, me q\u00ebllim pr\u00eb t\u00eb zgjidhur materialet m\u00eb t\u00eb mira dhe m\u00ebnyrave &hellip; <\/p>\n<p class=\"link-more\"><a href=\"https:\/\/mebelacevski.com\/web\/sq\/per-ne\/\" class=\"more-link\">Continue reading<span class=\"screen-reader-text\"> &#8220;P\u00ebr ne&#8221;<\/span><\/a><\/p>\n","protected":false},"author":1,"featured_media":0,"parent":0,"menu_order":0,"comment_status":"closed","ping_status":"closed","template":"template\/template-about-us.php","meta":[],"acf":[],"_links":{"self":[{"href":"https:\/\/mebelacevski.com\/web\/sq\/wp-json\/wp\/v2\/pages\/813"}],"collection":[{"href":"https:\/\/mebelacevski.com\/web\/sq\/wp-json\/wp\/v2\/pages"}],"about":[{"href":"https:\/\/mebelacevski.com\/web\/sq\/wp-json\/wp\/v2\/types\/page"}],"author":[{"embeddable":true,"href":"https:\/\/mebelacevski.com\/web\/sq\/wp-json\/wp\/v2\/users\/1"}],"replies":[{"embeddable":true,"href":"https:\/\/mebelacevski.com\/web\/sq\/wp-json\/wp\/v2\/comments?post=813"}],"version-history":[{"count":10,"href":"https:\/\/mebelacevski.com\/web\/sq\/wp-json\/wp\/v2\/pages\/813\/revisions"}],"predecessor-version":[{"id":5840,"href":"https:\/\/mebelacevski.com\/web\/sq\/wp-json\/wp\/v2\/pages\/813\/revisions\/5840"}],"wp:attachment":[{"href":"https:\/\/mebelacevski.com\/web\/sq\/wp-json\/wp\/v2\/media?parent=813"}],"curies":[{"name":"wp","href":"https:\/\/api.w.org\/{rel}","templated":true}]}}